{"id":360,"date":"2023-09-07T15:09:45","date_gmt":"2023-09-07T15:09:45","guid":{"rendered":"https:\/\/rheumatologie-am-rosenberg.ch\/?page_id=360"},"modified":"2024-01-09T09:47:09","modified_gmt":"2024-01-09T09:47:09","slug":"360-2","status":"publish","type":"page","link":"https:\/\/rheumatologie-am-rosenberg.ch\/?page_id=360","title":{"rendered":"Ines Schroeder"},"content":{"rendered":"\n<figure class=\"wp-block-image size-large is-resized\"><img decoding=\"async\" loading=\"lazy\" src=\"https:\/\/rheumatologie-am-rosenberg.ch\/wp-content\/uploads\/2023\/12\/Ines-Schroeder-768x1024.jpg\" alt=\"\" class=\"wp-image-645\" width=\"384\" height=\"512\" srcset=\"https:\/\/rheumatologie-am-rosenberg.ch\/wp-content\/uploads\/2023\/12\/Ines-Schroeder-768x1024.jpg 768w, https:\/\/rheumatologie-am-rosenberg.ch\/wp-content\/uploads\/2023\/12\/Ines-Schroeder-225x300.jpg 225w, https:\/\/rheumatologie-am-rosenberg.ch\/wp-content\/uploads\/2023\/12\/Ines-Schroeder-1152x1536.jpg 1152w, https:\/\/rheumatologie-am-rosenberg.ch\/wp-content\/uploads\/2023\/12\/Ines-Schroeder-1536x2048.jpg 1536w, https:\/\/rheumatologie-am-rosenberg.ch\/wp-content\/uploads\/2023\/12\/Ines-Schroeder-scaled.jpg 1920w\" sizes=\"(max-width: 384px) 100vw, 384px\" \/><\/figure>\n\n\n\n<p><strong>Kontakt:<\/strong><br>Tel.: +41 71 280 35 19 oder E-Mail: <a href=\"mailto:ines.schroeder@hin.ch\">ines.schroeder@hin.ch<\/a><\/p>\n\n\n\n<p class=\"has-medium-font-size\">Sozialberatung und Sozialrecht\u00a0<br>Fragen rund um die sozialen und sozialrechtlichen Belange<\/p>\n\n\n\n<p><strong>Sprechzeiten nach Vereinbarung<\/strong> <\/p>\n\n\n\n<p>Rheumatologie am Rosenberg AG<\/p>\n\n\n\n<h2><strong>Curriculum Vitae<\/strong><\/h2>\n\n\n\n<p><\/p>\n\n\n\n<h2><strong>Berufliche T\u00e4tigkeiten<\/strong><\/h2>\n\n\n\n<p><span class=\"resume-year\">2020 &#8211; 2023<\/span> Heimleitung &#8211; Betreutes Wohnen Sozialstiftung Heilsarmee Amriswil Psychologische Leitung und Sozialfachberatung<\/p>\n\n\n\n<p><span class=\"resume-year\">2017 &#8211; 2020<\/span> Sozialberatung und Diakonie-Sozialarbeit in der Evangelisch-reformierten Kirche Winterthur-Mattenbach (Pfarrvertretung)<\/p>\n\n\n\n<p class=\"mb-5\"><span class=\"resume-year\">2013 &#8211; 2016<\/span> Leitung der Sozialdiakonie in der Evangelisch-reformierten Kirchgemeinde<br>Tablat-St. Gallen:<\/p>\n\n\n\n<ul class=\"inline-list\">\n<li>F\u00fchrung des \u00f6kumenischen Teams der evangelisch-reformierten Kirchgemeinde des Kantons St. Gallen<\/li>\n\n\n\n<li>Umsetzen des Diakoniekonzeptes<\/li>\n\n\n\n<li>Sozial- und psychologische Beratung, Seelsorge f\u00fcr alle Altersgruppen Betreuungsarbeit Alters- und Pflegeheim<\/li>\n\n\n\n<li>Pfarrdienst und Gottesdienstplanung<\/li>\n\n\n\n<li>Sozialberatung<\/li>\n\n\n\n<li>Organisation und Durchf\u00fchrung von Hilfs- und Spendenprojekten<\/li>\n\n\n\n<li>\u00d6ffentlicher Seelsorgedienst in der Kirche St. Laurenzen, St. Gallen<\/li>\n\n\n\n<li>Vertretung der Kirchgemeinde im Kirchenparlament (Synode SG)<\/li>\n\n\n\n<li>Intensive Zusammenarbeit mit st\u00e4dtischen und kantonalen Beh\u00f6rden<\/li>\n<\/ul>\n\n\n\n<p class=\"mb-5\"><span class=\"resume-year\">2013<\/span> Diakoniearbeit und Sozialberatung in der Evangelisch-reformierten Kirchgemeinde Gais AR<\/p>\n\n\n\n<ul class=\"inline-list\">\n<li class=\"inline-list\">Jugendarbeit und Erwachsenenbildung der Gemeinde<\/li>\n\n\n\n<li>Organisation von Weiterbildungs- und Vortragsveranstaltungen<\/li>\n<\/ul>\n\n\n\n<p class=\"mb-5\"><span class=\"resume-year\">2008 &#8211; 2012<\/span> Gemeindearbeit und Pfarrvertretungen, Unterricht in Evangelisch-Lutherischer Kirche in Brasilien:<\/p>\n\n\n\n<ul class=\"inline-list\">\n<li>Anstellungen in den evangelischen Zentrumsgemeinden in Curitiba, Parana, und Pomerode, Santa Catarina: Vertretungsdienst, Predigten, Seniorenarbeit, Mitgestaltung der Gemeinde-Aktivit\u00e4ten<\/li>\n\n\n\n<li>Erteilen von Deutschunterricht an der zweisprachigen Realschule, Religions- und F\u00f6rderunterricht, Betreuen und Beraten von Familien in der Gemeindeschule <em>\u201eOlavo Bilac\u201c<\/em>, Pomerode<\/li>\n<\/ul>\n\n\n\n<p><span class=\"resume-year\">2004<\/span> Religionsunterricht, Seelsorge und Predigtdienst in der Evangelisch-reformierten Kirchgemeinde Horw-Luzern<\/p>\n\n\n\n<p>Pfarrvertretungen in den Kantonen Graub\u00fcnden und Tessin in den Reformierten Kirchgemeinden Grono GR und Ascona, Locarno, Verdabbio,<br>Minusio und Lugano<\/p>\n\n\n\n<p><span class=\"resume-year\">2001 &#8211; 2004<\/span> Lehrt\u00e4tigkeit als Dozentin f\u00fcr Kommunikation an der ZEM-Fachschule, Z\u00fcrich, WIN-Fachschule, Basel<\/p>\n\n\n\n<p class=\"mb-5\"><span class=\"resume-year\">2008 \u2013 2012<\/span> Humanit\u00e4re Projektarbeit in Brasilien und in der Schweiz:<\/p>\n\n\n\n<ul class=\"inline-list sparse-list\">\n<li>Gesch\u00e4ftsf\u00fchrung, Bildungs- und Favela-Projekte f\u00fcr Familien und Kinder, Lebensschulung und Erziehung in den Schweizerisch-brasilianischen Stiftungen Nova Suica, Varzea Grande, Mato Grosso in Brasilien, von Rahel und Rebekka Steingruber<\/li>\n\n\n\n<li>Zusammenarbeit zwischen dem Kanton Uri und Brasilien zur Unterst\u00fctzung humanit\u00e4rer Aufgaben, Durchf\u00fchren verschiedener Projekte des interkulturellen Austauschs von Sch\u00fclern und Studenten in der Stiftung im Baumgarten, Bauen am Vierwaldst\u00e4ttersee<\/li>\n<\/ul>\n\n\n\n<h2><strong>Aus- und Weiterbildung<\/strong><\/h2>\n\n\n\n<p><span class=\"resume-year\">2022<\/span> Abschluss christliche Psychologie: Christliche Psychologie im Spannungsfeld zwischen Psychologie und Glaube sowie den gesellschaftlichen Ver\u00e4nderungen.<br>Schwerpunkt: Wirklichkeitsverst\u00e4ndnis in der Psychologie Glaube und Gesellschaft<\/p>\n\n\n\n<p><span class=\"resume-year\">2018<\/span> Ausbildungskurse an der FHS, St. Gallen: schweizerische Sozialversicherung<br>Diverse einw\u00f6chige Weiterbildungsseminare: Abtei St. Hildegard, R\u00fcdesheim<\/p>\n\n\n\n<p><span class=\"resume-year\">2016 &#8211; 2017<\/span> Ausbildung <em>\u201eLebens- und Sozialberatung (BTS)\u201c<\/em> im Ausbildungszentrum f\u00fcr Theologie, Seelsorge, Diakonie in Krelingen-Walsrode<\/p>\n\n\n\n<p><span class=\"resume-year\">2006 &#8211; 2008<\/span> Ausbildung zur sozialdiakonischen Mitarbeiterin Diakonisches Werk der Evangelischen Kirche in Deutschland e.V.<\/p>\n\n\n\n<p><span class=\"resume-year\">2003 &#8211; 2004<\/span> Ausbildung in Betriebswirtschaft, Kommunikation und \u00d6ffentlichkeitsarbeit<br>bei der Wirtschaftsf\u00f6rderungs- und Qualifizierungsgesellschaft (WEQUA), Z\u00fcrich<\/p>\n\n\n\n<p><span class=\"resume-year\">1997 &#8211; 2004<\/span> Studium der Theologie in Bielefeld, Dresden, Lutherstadt Wittenberg, Bethlehem, Israel<br><br>Kaufm\u00e4nnische Zusatzausbildung und Informatik mit Fachausweis \u201eKaufmann\/-frau und EDV\u201c beim ROKD, Bielefeld<\/p>\n\n\n\n<p><span class=\"resume-year\">1990 &#8211; 1997<\/span> Ausbildung in Sozialarbeit, Berufsmatura<\/p>\n\n\n\n<p><span class=\"resume-year\">1983 &#8211; 1986<\/span> Berufslehre im Fachbereich Innenausstattung, M\u00f6beldesign<\/p>\n\n\n\n<p><\/p>\n","protected":false},"excerpt":{"rendered":"<p>Kontakt:Tel.: +41 71 280 35 19 oder E-Mail: ines.schroeder@hin.ch Sozialberatung und Sozialrecht\u00a0Fragen rund um die sozialen und sozialrechtlichen Belange Sprechzeiten nach Vereinbarung Rheumatologie am Rosenberg AG Curriculum Vitae Berufliche T\u00e4tigkeiten 2020 &#8211; 2023 Heimleitung &#8211; Betreutes Wohnen Sozialstiftung Heilsarmee Amriswil Psychologische Leitung und Sozialfachberatung 2017 &#8211; 2020 Sozialberatung und Diakonie-Sozialarbeit in der Evangelisch-reformierten Kirche Winterthur-Mattenbach &hellip; <\/p>\n<p class=\"link-more\"><a href=\"https:\/\/rheumatologie-am-rosenberg.ch\/?page_id=360\" class=\"more-link\"><span class=\"screen-reader-text\">\u201eInes Schroeder\u201c<\/span> weiterlesen<\/a><\/p>\n","protected":false},"author":1,"featured_media":0,"parent":0,"menu_order":0,"comment_status":"closed","ping_status":"closed","template":"","meta":[],"_links":{"self":[{"href":"https:\/\/rheumatologie-am-rosenberg.ch\/index.php?rest_route=\/wp\/v2\/pages\/360"}],"collection":[{"href":"https:\/\/rheumatologie-am-rosenberg.ch\/index.php?rest_route=\/wp\/v2\/pages"}],"about":[{"href":"https:\/\/rheumatologie-am-rosenberg.ch\/index.php?rest_route=\/wp\/v2\/types\/page"}],"author":[{"embeddable":true,"href":"https:\/\/rheumatologie-am-rosenberg.ch\/index.php?rest_route=\/wp\/v2\/users\/1"}],"replies":[{"embeddable":true,"href":"https:\/\/rheumatologie-am-rosenberg.ch\/index.php?rest_route=%2Fwp%2Fv2%2Fcomments&post=360"}],"version-history":[{"count":34,"href":"https:\/\/rheumatologie-am-rosenberg.ch\/index.php?rest_route=\/wp\/v2\/pages\/360\/revisions"}],"predecessor-version":[{"id":729,"href":"https:\/\/rheumatologie-am-rosenberg.ch\/index.php?rest_route=\/wp\/v2\/pages\/360\/revisions\/729"}],"wp:attachment":[{"href":"https:\/\/rheumatologie-am-rosenberg.ch\/index.php?rest_route=%2Fwp%2Fv2%2Fmedia&parent=360"}],"curies":[{"name":"wp","href":"https:\/\/api.w.org\/{rel}","templated":true}]}}